{"id":254490,"date":"2023-08-26T16:57:06","date_gmt":"2023-08-26T12:57:06","guid":{"rendered":"https:\/\/cs-webdesigns.com\/?post_type=project&#038;p=254490"},"modified":"2024-12-27T12:59:46","modified_gmt":"2024-12-27T08:59:46","slug":"kraller-transports","status":"publish","type":"project","link":"https:\/\/cs-webdesigns.com\/en\/projekte\/kraller-transporte\/","title":{"rendered":"Kraller Transporte"},"content":{"rendered":"<p>[et_pb_section fb_built=&#8220;1&#8243; _builder_version=&#8220;4.21.0&#8243; background_color=&#8220;#3E6787&#8243; background_enable_color=&#8220;on&#8220; custom_padding=&#8220;||||false|false&#8220; locked=&#8220;off&#8220; global_colors_info=&#8220;{}&#8220;][et_pb_row custom_padding_last_edited=&#8220;on|phone&#8220; _builder_version=&#8220;4.24.2&#8243; _module_preset=&#8220;default&#8220; background_enable_color=&#8220;off&#8220; width_phone=&#8220;auto&#8220; max_width_tablet=&#8220;100%&#8220; max_width_phone=&#8220;100%&#8220; custom_margin=&#8220;||||false|false&#8220; custom_padding=&#8220;||||false|false&#8220; custom_padding_tablet=&#8220;|5%||5%|false|true&#8220; custom_padding_phone=&#8220;|5%||5%|false|true&#8220; global_colors_info=&#8220;{}&#8220; width__hover_enabled=&#8220;off|desktop&#8220;][et_pb_column type=&#8220;4_4&#8243; _builder_version=&#8220;4.20.4&#8243; _module_preset=&#8220;default&#8220; global_colors_info=&#8220;{}&#8220;][et_pb_text _builder_version=&#8220;4.27.2&#8243; _module_preset=&#8220;default&#8220; text_text_color=&#8220;#3E6787&#8243; text_font_size=&#8220;16px&#8220; background_color=&#8220;#FFFFFF&#8220; custom_margin=&#8220;||10px||false|false&#8220; custom_padding=&#8220;10px|10px|10px|10px|true|true&#8220; hover_enabled=&#8220;0&#8243; custom_css_main_element=&#8220;display: inline-block;||margin-right: 20px;&#8220; border_radii=&#8220;on|5px|5px|5px|5px&#8220; box_shadow_style=&#8220;preset1&#8243; box_shadow_blur=&#8220;10px&#8220; sticky_enabled=&#8220;0&#8243;]<\/p>\n<p>Handwerk<\/p>\n<p>[\/et_pb_text][et_pb_text _builder_version=&#8220;4.27.2&#8243; _module_preset=&#8220;default&#8220; text_text_color=&#8220;#3E6787&#8243; text_font_size=&#8220;16px&#8220; background_color=&#8220;#FFFFFF&#8220; custom_margin=&#8220;||10px||false|false&#8220; custom_padding=&#8220;10px|10px|10px|10px|true|true&#8220; hover_enabled=&#8220;0&#8243; custom_css_main_element=&#8220;display: inline-block;||margin-right: 20px;&#8220; border_radii=&#8220;on|5px|5px|5px|5px&#8220; box_shadow_style=&#8220;preset1&#8243; box_shadow_blur=&#8220;10px&#8220; sticky_enabled=&#8220;0&#8243;]<\/p>\n<p>Transporte<\/p>\n<p>[\/et_pb_text][et_pb_text _builder_version=&#8220;4.21.2&#8243; _module_preset=&#8220;default&#8220; header_text_align=&#8220;left&#8220; header_text_color=&#8220;#FFFFFF&#8220; header_font_size=&#8220;34px&#8220; header_line_height=&#8220;1.3em&#8220; header_2_text_color=&#8220;#000000&#8243; max_width=&#8220;700px&#8220; max_width_tablet=&#8220;100%&#8220; max_width_phone=&#8220;100%&#8220; max_width_last_edited=&#8220;on|desktop&#8220; custom_margin=&#8220;||10px||false|false&#8220; header_font_size_phone=&#8220;26px&#8220;]<\/p>\n<h1><span style=\"text-decoration: underline; color: #fccf60;\">Kraller Transporte<\/span> &#8211; Baggerbetrieb &amp; Transportunternehmen in Kirchansch\u00f6ring<\/h1>\n<p>[\/et_pb_text][et_pb_text _builder_version=&#8220;4.21.2&#8243; _module_preset=&#8220;c0ae98a9-b2c6-434f-a771-66df9e5780aa&#8220; text_text_color=&#8220;#FFFFFF&#8220; header_font=&#8220;|600|||||||&#8220; header_font_size=&#8220;35px&#8220; max_width=&#8220;600px&#8220; max_width_tablet=&#8220;100%&#8220; max_width_phone=&#8220;100%&#8220; max_width_last_edited=&#8220;on|desktop&#8220; custom_margin=&#8220;||0px||false|false&#8220; header_2_font_size_tablet=&#8220;&#8220; header_2_font_size_phone=&#8220;&#8220; header_2_font_size_last_edited=&#8220;on|tablet&#8220; locked=&#8220;off&#8220; global_colors_info=&#8220;{}&#8220;]<\/p>\n<p>Neuentwicklung mit Fokus auf ein schlichtes Design, \u00fcbersichtliche Darstellung zwei Betriebe im einheitlichen Branding und lokalen SEO.<\/p>\n<p>[\/et_pb_text][\/et_pb_column][\/et_pb_row][\/et_pb_section][et_pb_section fb_built=&#8220;1&#8243; _builder_version=&#8220;4.21.0&#8243; background_color=&#8220;#FFFFFF&#8220; background_enable_color=&#8220;on&#8220; custom_padding=&#8220;100px||100px||true|false&#8220; custom_padding_tablet=&#8220;60px||60px||true|false&#8220; top_divider_color=&#8220;#3E6787&#8243; top_divider_height_tablet=&#8220;&#8220; top_divider_height_phone=&#8220;&#8220; top_divider_height_last_edited=&#8220;on|phone&#8220; global_colors_info=&#8220;{}&#8220;][et_pb_row column_structure=&#8220;1_2,1_2&#8243; module_class=&#8220;vertikalzentriert&#8220; _builder_version=&#8220;4.20.4&#8243; _module_preset=&#8220;default&#8220; background_enable_color=&#8220;off&#8220; global_colors_info=&#8220;{}&#8220;][et_pb_column type=&#8220;1_2&#8243; _builder_version=&#8220;4.20.4&#8243; _module_preset=&#8220;default&#8220; global_colors_info=&#8220;{}&#8220;][et_pb_text _builder_version=&#8220;4.21.2&#8243; _module_preset=&#8220;default&#8220; header_2_font=&#8220;|600|||||||&#8220; header_2_text_color=&#8220;#3E6787&#8243; custom_margin=&#8220;||10px||false|false&#8220;]<\/p>\n<h2>Das Projekt Kraller Transporte<\/h2>\n<p>[\/et_pb_text][et_pb_text _builder_version=&#8220;4.21.0&#8243; _module_preset=&#8220;c0ae98a9-b2c6-434f-a771-66df9e5780aa&#8220; header_font=&#8220;|600|||||||&#8220; header_font_size=&#8220;35px&#8220; custom_margin=&#8220;||0px||false|false&#8220; header_2_font_size_tablet=&#8220;&#8220; header_2_font_size_phone=&#8220;&#8220; header_2_font_size_last_edited=&#8220;on|tablet&#8220; global_colors_info=&#8220;{}&#8220;]<\/p>\n<p>Die Josef Kraller OHG in Kirchansch\u00f6ring ist ein Familienbetrieb f\u00fcr Baggerarbeiten rund um Bau, Haus und Garten sowie Transporte und Vermietung von LKW&#8217;s und Baumschinen.<\/p>\n<p>Die bestehende Website war eine sehr veraltete HTML-Website, sowohl vom\u00a0 Design als auch den Inhalten. Eine Google Auffindbarkeit war praktisch nicht gegeben. Vor allem das sollte sich mit der neuen Website \u00e4ndern.\u00a0<\/p>\n<p>[\/et_pb_text][\/et_pb_column][et_pb_column type=&#8220;1_2&#8243; _builder_version=&#8220;4.20.4&#8243; _module_preset=&#8220;default&#8220; background_enable_color=&#8220;off&#8220; global_colors_info=&#8220;{}&#8220;][dsm_perspective_image src=&#8220;https:\/\/cs-webdesigns.com\/wp-content\/uploads\/2023\/08\/Kraller-Transporte.png&#8220; alt=&#8220;Neuentwicklung f\u00fcr Kraller Transporte in Kirchansch\u00f6ring&#8220; title_text=&#8220;Design ohne Titel (4)&#8220; show_in_lightbox=&#8220;on&#8220; _builder_version=&#8220;4.21.2&#8243; _module_preset=&#8220;default&#8220; global_colors_info=&#8220;{}&#8220;][\/dsm_perspective_image][\/et_pb_column][\/et_pb_row][\/et_pb_section][et_pb_section fb_built=&#8220;1&#8243; _builder_version=&#8220;4.21.0&#8243; background_color=&#8220;#F5F5F5&#8243; background_enable_color=&#8220;on&#8220; top_divider_color=&#8220;#3E6787&#8243; top_divider_height_tablet=&#8220;&#8220; top_divider_height_phone=&#8220;&#8220; top_divider_height_last_edited=&#8220;on|phone&#8220; global_colors_info=&#8220;{}&#8220;][et_pb_row column_structure=&#8220;1_2,1_2&#8243; module_class=&#8220;vertikalzentriert&#8220; _builder_version=&#8220;4.20.4&#8243; _module_preset=&#8220;default&#8220; background_enable_color=&#8220;off&#8220; pac_drh_enable_stacking=&#8220;pac_drh_stack_row pac_drh_stack_tab_mob&#8220; global_colors_info=&#8220;{}&#8220;][et_pb_column type=&#8220;1_2&#8243; _builder_version=&#8220;4.20.4&#8243; _module_preset=&#8220;default&#8220; background_enable_color=&#8220;off&#8220; pac_drh_add_staking_order_tab=&#8220;pac_drh_order_tab_two&#8220; pac_drh_add_staking_order_mob=&#8220;pac_drh_order_mob_two&#8220; global_colors_info=&#8220;{}&#8220;][dsm_scroll_image src=&#8220;https:\/\/cs-webdesigns.com\/wp-content\/uploads\/2023\/08\/Startseite.png&#8220; alt=&#8220;Startseite der neuen Website von Kraller Transporte&#8220; _builder_version=&#8220;4.21.2&#8243; _module_preset=&#8220;default&#8220; min_height_tablet=&#8220;500px&#8220; min_height_phone=&#8220;350px&#8220; min_height_last_edited=&#8220;off|desktop&#8220; height=&#8220;650px&#8220; height_tablet=&#8220;600px&#8220; height_phone=&#8220;500px&#8220; height_last_edited=&#8220;on|phone&#8220; custom_margin=&#8220;||10px||false|false&#8220; border_radii=&#8220;on|5px|5px|5px|5px&#8220; box_shadow_style=&#8220;preset1&#8243; box_shadow_blur=&#8220;10px&#8220; locked=&#8220;off&#8220; global_colors_info=&#8220;{}&#8220;][\/dsm_scroll_image][et_pb_text _builder_version=&#8220;4.21.0&#8243; _module_preset=&#8220;default&#8220; text_font_size=&#8220;16px&#8220; text_font_size_tablet=&#8220;16px&#8220; locked=&#8220;off&#8220;]<\/p>\n<p style=\"text-align: center;\">Hovere \u00fcber das Bild, um zu scrollen.<\/p>\n<p>[\/et_pb_text][\/et_pb_column][et_pb_column type=&#8220;1_2&#8243; _builder_version=&#8220;4.20.4&#8243; _module_preset=&#8220;default&#8220; pac_drh_add_staking_order_tab=&#8220;pac_drh_order_tab_one&#8220; pac_drh_add_staking_order_mob=&#8220;pac_drh_order_mob_one&#8220; global_colors_info=&#8220;{}&#8220;][et_pb_text _builder_version=&#8220;4.21.2&#8243; _module_preset=&#8220;default&#8220; header_2_font=&#8220;|600|||||||&#8220; header_2_text_color=&#8220;#3E6787&#8243; custom_margin=&#8220;||10px||false|false&#8220; locked=&#8220;off&#8220;]<\/p>\n<h2>Einzelbetriebe der Br\u00fcder in einheitlicher Au\u00dfendarstellung\u00a0<\/h2>\n<p>[\/et_pb_text][et_pb_text _builder_version=&#8220;4.21.0&#8243; _module_preset=&#8220;c0ae98a9-b2c6-434f-a771-66df9e5780aa&#8220; header_font=&#8220;|600|||||||&#8220; header_font_size=&#8220;35px&#8220; custom_margin=&#8220;||0px||false|false&#8220; header_2_font_size_tablet=&#8220;&#8220; header_2_font_size_phone=&#8220;&#8220; header_2_font_size_last_edited=&#8220;on|tablet&#8220; locked=&#8220;off&#8220; global_colors_info=&#8220;{}&#8220;]<\/p>\n<p>Da die OHG sich 2022 aus den beiden Einzelbetrieben der Br\u00fcder Markus und Josef jun. erst gebildet hat, war es wichtig, den die Gesellschaft im neuen einheitlichen Branding zu pr\u00e4sentieren.<\/p>\n<p>[\/et_pb_text][\/et_pb_column][\/et_pb_row][\/et_pb_section][et_pb_section fb_built=&#8220;1&#8243; _builder_version=&#8220;4.20.4&#8243; custom_padding=&#8220;100px||100px||true|false&#8220; custom_padding_tablet=&#8220;60px||60px||true|false&#8220; top_divider_color=&#8220;#3E6787&#8243; top_divider_height_tablet=&#8220;&#8220; top_divider_height_phone=&#8220;&#8220; top_divider_height_last_edited=&#8220;on|phone&#8220; locked=&#8220;off&#8220; global_colors_info=&#8220;{}&#8220;][et_pb_row custom_padding_last_edited=&#8220;off|phone&#8220; _builder_version=&#8220;4.20.4&#8243; _module_preset=&#8220;default&#8220; custom_padding=&#8220;20px|20px|20px|20px|true|true&#8220; border_radii=&#8220;on|10px|10px|10px|10px&#8220; border_width_all=&#8220;2px&#8220; border_color_all=&#8220;#3E6787&#8243; box_shadow_style=&#8220;preset4&#8243; box_shadow_horizontal=&#8220;7px&#8220; box_shadow_vertical=&#8220;7px&#8220; box_shadow_color=&#8220;#3E6787&#8243; locked=&#8220;off&#8220; global_colors_info=&#8220;{}&#8220;][et_pb_column type=&#8220;4_4&#8243; _builder_version=&#8220;4.20.4&#8243; _module_preset=&#8220;default&#8220; background_enable_color=&#8220;off&#8220; custom_padding_phone=&#8220;5px||5px||true|true&#8220; custom_padding_last_edited=&#8220;off|desktop&#8220; border_radii=&#8220;on|5px|5px|5px|5px&#8220; global_colors_info=&#8220;{}&#8220; box_shadow_color__hover_enabled=&#8220;on|hover&#8220; box_shadow_color__hover=&#8220;#000000&#8243;][et_pb_icon font_icon=&#8220;&#x7b;||divi||400&#8243; icon_width=&#8220;100px&#8220; align=&#8220;left&#8220; icon_width_tablet=&#8220;100px&#8220; icon_width_phone=&#8220;80px&#8220; icon_width_last_edited=&#8220;on|phone&#8220; _builder_version=&#8220;4.20.4&#8243; _module_preset=&#8220;default&#8220; custom_margin=&#8220;||5px||false|false&#8220; global_colors_info=&#8220;{}&#8220;][\/et_pb_icon][et_pb_text _builder_version=&#8220;4.21.2&#8243; _module_preset=&#8220;default&#8220; text_text_color=&#8220;#000000&#8243;]<\/p>\n<p>Christian k\u00f6nnen wir als Webdesigner nur empfehlen, er ist absolut <strong>kompetent und zuverl\u00e4ssig<\/strong>. Er setzte unsere <strong>Vorstellungen und W\u00fcnsche perfekt um<\/strong>.<\/p>\n<p>Die Josef Kraller OHG bedankt sich f\u00fcr die <strong>hervorragende Zusammenarbeit<\/strong>. Mit dem <strong>Ergebnis<\/strong> unserer Homepage sind wir <strong>mehr als zufrieden<\/strong>.<\/p>\n<p>[\/et_pb_text][et_pb_blurb title=&#8220;Josef jun. Kraller&#8220; alt=&#8220;Marc Holtermann&#8220; content_max_width=&#8220;100%&#8220; content_max_width_last_edited=&#8220;off|desktop&#8220; _builder_version=&#8220;4.21.2&#8243; _module_preset=&#8220;7bdd1ef6-313e-49a1-8b21-a0d893021b22&#8243; header_text_color=&#8220;#000000&#8243; body_font=&#8220;|600|||||||&#8220; body_text_color=&#8220;#3E6787&#8243; border_radii_image=&#8220;on|5px|5px|5px|5px&#8220; box_shadow_style_image=&#8220;preset4&#8243; box_shadow_horizontal_image=&#8220;5px&#8220; box_shadow_vertical_image=&#8220;5px&#8220; box_shadow_color_image=&#8220;#FFFFFF&#8220; locked=&#8220;off&#8220; global_colors_info=&#8220;{}&#8220; header_text_color__hover_enabled=&#8220;off|hover&#8220;]<\/p>\n<p>Gesch\u00e4ftsf\u00fchrer, Kraller Transporte<\/p>\n<p>[\/et_pb_blurb][\/et_pb_column][\/et_pb_row][\/et_pb_section][et_pb_section fb_built=&#8220;1&#8243; _builder_version=&#8220;4.21.0&#8243; background_color=&#8220;#3E6787&#8243; background_enable_color=&#8220;on&#8220; custom_padding=&#8220;||||false|false&#8220; top_divider_color=&#8220;#3E6787&#8243; top_divider_height_tablet=&#8220;&#8220; top_divider_height_phone=&#8220;&#8220; top_divider_height_last_edited=&#8220;on|phone&#8220; locked=&#8220;off&#8220; global_colors_info=&#8220;{}&#8220;][et_pb_row column_structure=&#8220;1_4,1_4,1_4,1_4&#8243; _builder_version=&#8220;4.18.1&#8243; _module_preset=&#8220;default&#8220; pac_drh_column_numbers_tablet=&#8220;pac_drh_tab_col_two&#8220; pac_drh_column_numbers_phone=&#8220;pac_drh_phone_col_one&#8220; global_colors_info=&#8220;{}&#8220;][et_pb_column type=&#8220;1_4&#8243; _builder_version=&#8220;4.18.1&#8243; _module_preset=&#8220;default&#8220; global_colors_info=&#8220;{}&#8220;][et_pb_blurb use_icon=&#8220;on&#8220; font_icon=&#8220;&#xf799;||fa||400&#8243; _builder_version=&#8220;4.24.2&#8243; _module_preset=&#8220;a9267767-29bb-4c7f-b1b9-b838beac066a&#8220; body_font=&#8220;||||||||&#8220; global_colors_info=&#8220;{}&#8220; header_text_color__hover_enabled=&#8220;off|desktop&#8220;]<\/p>\n<p>Neues Branding &amp;<br \/>Entwicklung der Website<\/p>\n<p>[\/et_pb_blurb][\/et_pb_column][et_pb_column type=&#8220;1_4&#8243; _builder_version=&#8220;4.18.1&#8243; _module_preset=&#8220;default&#8220; global_colors_info=&#8220;{}&#8220;][et_pb_blurb use_icon=&#8220;on&#8220; font_icon=&#8220;&#xf1a0;||fa||400&#8243; _builder_version=&#8220;4.24.2&#8243; _module_preset=&#8220;a9267767-29bb-4c7f-b1b9-b838beac066a&#8220; body_font=&#8220;||||||||&#8220; global_colors_info=&#8220;{}&#8220; header_text_color__hover_enabled=&#8220;off|desktop&#8220;]<\/p>\n<p>Lokales &amp; <a href=\"\/seo-sea\">OnPage-SEO<\/a><\/p>\n<p>[\/et_pb_blurb][\/et_pb_column][et_pb_column type=&#8220;1_4&#8243; _builder_version=&#8220;4.18.1&#8243; _module_preset=&#8220;default&#8220; global_colors_info=&#8220;{}&#8220;][et_pb_blurb use_icon=&#8220;on&#8220; font_icon=&#8220;&#xe099;||divi||400&#8243; _builder_version=&#8220;4.24.2&#8243; _module_preset=&#8220;a9267767-29bb-4c7f-b1b9-b838beac066a&#8220; body_font=&#8220;||||||||&#8220; global_colors_info=&#8220;{}&#8220; header_text_color__hover_enabled=&#8220;off|desktop&#8220;]<\/p>\n<p>Einweisung &amp; Schulung<br \/>in WordPress<\/p>\n<p>[\/et_pb_blurb][\/et_pb_column][et_pb_column type=&#8220;1_4&#8243; _builder_version=&#8220;4.18.1&#8243; _module_preset=&#8220;default&#8220; global_colors_info=&#8220;{}&#8220;][et_pb_blurb use_icon=&#8220;on&#8220; font_icon=&#8220;&#xf1a0;||fa||400&#8243; _builder_version=&#8220;4.24.2&#8243; _module_preset=&#8220;a9267767-29bb-4c7f-b1b9-b838beac066a&#8220; body_font=&#8220;||||||||&#8220; global_colors_info=&#8220;{}&#8220; header_text_color__hover_enabled=&#8220;off|desktop&#8220;]<\/p>\n<p><a href=\"\/dsgvo-check\">DSGVO-konforme<\/a> Implementierung<\/p>\n<p>[\/et_pb_blurb][\/et_pb_column][\/et_pb_row][\/et_pb_section][et_pb_section fb_built=&#8220;1&#8243; _builder_version=&#8220;4.21.0&#8243; _module_preset=&#8220;default&#8220; background_color=&#8220;#f5f5f5&#8243; background_enable_color=&#8220;on&#8220; global_colors_info=&#8220;{}&#8220;][et_pb_row column_structure=&#8220;1_2,1_2&#8243; module_class=&#8220;vertikalzentriert&#8220; _builder_version=&#8220;4.21.2&#8243; _module_preset=&#8220;default&#8220; custom_margin_tablet=&#8220;||100px||false|false&#8220; custom_margin_phone=&#8220;||100px||false|false&#8220; custom_margin_last_edited=&#8220;off|phone&#8220; global_colors_info=&#8220;{}&#8220;][et_pb_column type=&#8220;1_2&#8243; _builder_version=&#8220;4.20.4&#8243; _module_preset=&#8220;default&#8220; global_colors_info=&#8220;{}&#8220;][et_pb_text _builder_version=&#8220;4.21.2&#8243; _module_preset=&#8220;default&#8220; header_2_font=&#8220;|600|||||||&#8220; header_2_text_color=&#8220;#3E6787&#8243; custom_margin=&#8220;||10px||false|false&#8220; locked=&#8220;off&#8220;]<\/p>\n<h2>Slide-in Men\u00fc f\u00fcr Klarheit, Flexibilit\u00e4t und positive Nutzererfahrung<\/h2>\n<p>[\/et_pb_text][et_pb_text _builder_version=&#8220;4.21.2&#8243; _module_preset=&#8220;default&#8220; header_text_align=&#8220;left&#8220; header_font_size=&#8220;35px&#8220; header_line_height=&#8220;1.3em&#8220; header_2_font=&#8220;|600|||||||&#8220; header_2_text_color=&#8220;#3E6787&#8243; custom_margin=&#8220;||||false|false&#8220; header_2_font_size_tablet=&#8220;&#8220; header_2_font_size_phone=&#8220;&#8220; header_2_font_size_last_edited=&#8220;on|tablet&#8220;]<\/p>\n<p>F\u00fcr die Bedienerfreundlichkeit wird dem Besucher ein normales Men\u00fc oben angeboten, aber auch ein Slide-in Men\u00fc inklusive 2 Call-to-Actions.<\/p>\n<p>[\/et_pb_text][dsm_perspective_image src=&#8220;https:\/\/cs-webdesigns.com\/wp-content\/uploads\/2023\/08\/Slide-in-Desktop.png&#8220; alt=&#8220;Slide in Desktop&#8220; show_in_lightbox=&#8220;on&#8220; _builder_version=&#8220;4.21.2&#8243; _module_preset=&#8220;default&#8220; global_colors_info=&#8220;{}&#8220;][\/dsm_perspective_image][\/et_pb_column][et_pb_column type=&#8220;1_2&#8243; _builder_version=&#8220;4.20.4&#8243; _module_preset=&#8220;default&#8220; global_colors_info=&#8220;{}&#8220;][dsm_perspective_image src=&#8220;https:\/\/cs-webdesigns.com\/wp-content\/uploads\/2023\/08\/Slide-in-Menu.png&#8220; alt=&#8220;Slide-in Menu&#8220; show_in_lightbox=&#8220;on&#8220; align=&#8220;center&#8220; _builder_version=&#8220;4.21.2&#8243; _module_preset=&#8220;default&#8220; max_width=&#8220;400px&#8220; max_width_tablet=&#8220;400px&#8220; max_width_phone=&#8220;400px&#8220; max_width_last_edited=&#8220;on|phone&#8220; global_colors_info=&#8220;{}&#8220;][\/dsm_perspective_image][\/et_pb_column][\/et_pb_row][\/et_pb_section][et_pb_section fb_built=&#8220;1&#8243; _builder_version=&#8220;4.21.0&#8243; _module_preset=&#8220;default&#8220; global_colors_info=&#8220;{}&#8220;][et_pb_row column_structure=&#8220;1_2,1_2&#8243; _builder_version=&#8220;4.20.4&#8243; _module_preset=&#8220;default&#8220; pac_drh_enable_stacking=&#8220;pac_drh_stack_row pac_drh_stack_tab_mob&#8220; global_colors_info=&#8220;{}&#8220;][et_pb_column type=&#8220;1_2&#8243; _builder_version=&#8220;4.20.4&#8243; _module_preset=&#8220;default&#8220; pac_drh_add_staking_order_tab=&#8220;pac_drh_order_tab_two&#8220; pac_drh_add_staking_order_mob=&#8220;pac_drh_order_mob_two&#8220; global_colors_info=&#8220;{}&#8220;][dsm_perspective_image src=&#8220;https:\/\/cs-webdesigns.com\/wp-content\/uploads\/2023\/08\/Geschichte.jpg&#8220; alt=&#8220;Geschichte&#8220; show_in_lightbox=&#8220;on&#8220; _builder_version=&#8220;4.21.2&#8243; _module_preset=&#8220;default&#8220; global_colors_info=&#8220;{}&#8220;][\/dsm_perspective_image][\/et_pb_column][et_pb_column type=&#8220;1_2&#8243; _builder_version=&#8220;4.20.4&#8243; _module_preset=&#8220;default&#8220; pac_drh_add_staking_order_tab=&#8220;pac_drh_order_tab_one&#8220; pac_drh_add_staking_order_mob=&#8220;pac_drh_order_mob_one&#8220; global_colors_info=&#8220;{}&#8220;][et_pb_text _builder_version=&#8220;4.21.2&#8243; _module_preset=&#8220;default&#8220; header_2_font=&#8220;|600|||||||&#8220; header_2_text_color=&#8220;#3E6787&#8243; custom_margin=&#8220;||10px||false|false&#8220; locked=&#8220;off&#8220;]<\/p>\n<h2>Detaillierte \u00dcber uns-Seite mit Firmengeschichte<\/h2>\n<p>[\/et_pb_text][et_pb_text _builder_version=&#8220;4.20.4&#8243; _module_preset=&#8220;default&#8220; header_text_align=&#8220;left&#8220; header_font_size=&#8220;35px&#8220; header_line_height=&#8220;1.3em&#8220; header_2_font=&#8220;|600|||||||&#8220; header_2_text_color=&#8220;#3E6787&#8243; custom_margin=&#8220;||||false|false&#8220; header_2_font_size_tablet=&#8220;&#8220; header_2_font_size_phone=&#8220;&#8220; header_2_font_size_last_edited=&#8220;on|tablet&#8220;]<\/p>\n<p>Aufgrund der \u00fcber 20 j\u00e4hrigen Firmengeschichte gibt es einige Meilensteine \u00fcber die Familie Kraller berichten kann.\u00a0<\/p>\n<p>Diese wird Besuchern in einer interaktiven Timeline pr\u00e4sentiert.<\/p>\n<p>&nbsp;<\/p>\n<p>&nbsp;<\/p>\n<p>[\/et_pb_text][\/et_pb_column][\/et_pb_row][\/et_pb_section][et_pb_section fb_built=&#8220;1&#8243; custom_padding_last_edited=&#8220;off|desktop&#8220; _builder_version=&#8220;4.21.2&#8243; _module_preset=&#8220;default&#8220; custom_padding=&#8220;0px||0px||true|false&#8220; global_colors_info=&#8220;{}&#8220;][et_pb_row custom_padding_last_edited=&#8220;off|desktop&#8220; _builder_version=&#8220;4.21.2&#8243; _module_preset=&#8220;default&#8220; max_width=&#8220;100%&#8220; max_width_last_edited=&#8220;off|desktop&#8220; custom_padding=&#8220;0px||0px||true|false&#8220; custom_padding_tablet=&#8220;||||false|false&#8220; custom_padding_phone=&#8220;0px||||false|false&#8220; global_colors_info=&#8220;{}&#8220;][et_pb_column type=&#8220;4_4&#8243; _builder_version=&#8220;4.20.4&#8243; _module_preset=&#8220;default&#8220; global_colors_info=&#8220;{}&#8220;][dsm_perspective_image src=&#8220;https:\/\/cs-webdesigns.com\/wp-content\/uploads\/2023\/08\/CTA-Banner.png&#8220; alt=&#8220;Anfrage CTA ithub&#8220; show_in_lightbox=&#8220;on&#8220; _builder_version=&#8220;4.21.2&#8243; _module_preset=&#8220;default&#8220; border_radii=&#8220;on|0px|0px|0px|0px&#8220; global_colors_info=&#8220;{}&#8220;][\/dsm_perspective_image][\/et_pb_column][\/et_pb_row][\/et_pb_section][et_pb_section fb_built=&#8220;1&#8243; _builder_version=&#8220;4.24.2&#8243; _module_preset=&#8220;default&#8220; global_colors_info=&#8220;{}&#8220;][et_pb_row column_structure=&#8220;1_2,1_2&#8243; module_class=&#8220;vertikalzentriert&#8220; _builder_version=&#8220;4.21.2&#8243; _module_preset=&#8220;default&#8220; custom_margin_tablet=&#8220;||100px||false|false&#8220; custom_margin_phone=&#8220;||100px||false|false&#8220; custom_margin_last_edited=&#8220;off|phone&#8220; global_colors_info=&#8220;{}&#8220;][et_pb_column type=&#8220;1_2&#8243; _builder_version=&#8220;4.20.4&#8243; _module_preset=&#8220;default&#8220; global_colors_info=&#8220;{}&#8220;][et_pb_text _builder_version=&#8220;4.21.2&#8243; _module_preset=&#8220;default&#8220; header_2_font=&#8220;|600|||||||&#8220; header_2_text_color=&#8220;#3E6787&#8243; custom_margin=&#8220;||10px||false|false&#8220; locked=&#8220;off&#8220;]<\/p>\n<h2>Kontaktseite mit Fokus auf Telefonanrufe zu \u00d6ffnungszeiten<\/h2>\n<p>[\/et_pb_text][et_pb_text _builder_version=&#8220;4.21.2&#8243; _module_preset=&#8220;default&#8220; header_text_align=&#8220;left&#8220; header_font_size=&#8220;35px&#8220; header_line_height=&#8220;1.3em&#8220; header_2_font=&#8220;|600|||||||&#8220; header_2_text_color=&#8220;#3E6787&#8243; custom_margin=&#8220;||||false|false&#8220; header_2_font_size_tablet=&#8220;&#8220; header_2_font_size_phone=&#8220;&#8220; header_2_font_size_last_edited=&#8220;on|tablet&#8220;]<\/p>\n<p>Da es am besten in den betrieblichen Alltag passt, liegt der Fokus darauf, Besucher f\u00fcr einem Anruf zu \u00fcberzeugen.<\/p>\n<p>Alternativ gibt es aber nat\u00fcrlich auch ein Kontaktformular f\u00fcr schriftliche Anfragen. Im Zuge der Neugestaltung des Onlineauftritts wurde auch die E-Mail von einer t-online auf die \u00fcbliche info@kraller-transporte.de umgestellt. Auch das ist ein wichtiger Punkt f\u00fcr die Gesamtdarstellung nach au\u00dfen.<\/p>\n<p>Da der Handwerkbetrieb auch vor Ort verf\u00fcgbar ist, ist au\u00dferdem noch eine Karte mit der Adresse in die Kontaktseite eingebunden.<\/p>\n<p>[\/et_pb_text][\/et_pb_column][et_pb_column type=&#8220;1_2&#8243; _builder_version=&#8220;4.20.4&#8243; _module_preset=&#8220;default&#8220; global_colors_info=&#8220;{}&#8220;][dsm_perspective_image src=&#8220;https:\/\/cs-webdesigns.com\/wp-content\/uploads\/2023\/08\/Kontakt.png&#8220; alt=&#8220;Kontaktseite&#8220; show_in_lightbox=&#8220;on&#8220; _builder_version=&#8220;4.21.2&#8243; _module_preset=&#8220;default&#8220; global_colors_info=&#8220;{}&#8220;][\/dsm_perspective_image][\/et_pb_column][\/et_pb_row][et_pb_row _builder_version=&#8220;4.17.4&#8243; _module_preset=&#8220;default&#8220; custom_padding=&#8220;0px||||false|false&#8220; locked=&#8220;off&#8220; global_colors_info=&#8220;{}&#8220;][et_pb_column type=&#8220;4_4&#8243; _builder_version=&#8220;4.17.4&#8243; _module_preset=&#8220;default&#8220; global_colors_info=&#8220;{}&#8220;][et_pb_button button_url=&#8220;https:\/\/kraller-transporte.de&#8220; url_new_window=&#8220;on&#8220; button_text=&#8220;Zur Website&#8220; _builder_version=&#8220;4.21.2&#8243; _module_preset=&#8220;e23739d7-0be3-4c55-b63e-da7b20146f88&#8243; custom_margin_tablet=&#8220;&#8220; custom_margin_phone=&#8220;9%||5%||false|false&#8220; custom_margin_last_edited=&#8220;on|tablet&#8220; locked=&#8220;off&#8220; global_colors_info=&#8220;{}&#8220;][\/et_pb_button][\/et_pb_column][\/et_pb_row][\/et_pb_section][et_pb_section fb_built=&#8220;1&#8243; _builder_version=&#8220;4.24.2&#8243; _module_preset=&#8220;default&#8220; background_color=&#8220;#F5F5F5&#8243; background_enable_color=&#8220;on&#8220; locked=&#8220;off&#8220; global_colors_info=&#8220;{}&#8220;][et_pb_row _builder_version=&#8220;4.24.2&#8243; _module_preset=&#8220;default&#8220; custom_padding=&#8220;0px||||false|false&#8220; locked=&#8220;off&#8220; global_colors_info=&#8220;{}&#8220;][et_pb_column type=&#8220;4_4&#8243; _builder_version=&#8220;4.24.2&#8243; _module_preset=&#8220;default&#8220; global_colors_info=&#8220;{}&#8220;][et_pb_text _builder_version=&#8220;4.24.2&#8243; _module_preset=&#8220;default&#8220; header_2_font=&#8220;||||on|||#000000|&#8220; header_2_text_color=&#8220;#000000&#8243; custom_margin=&#8220;||10px||false|false&#8220; locked=&#8220;off&#8220;]<\/p>\n<h2 style=\"text-align: center;\">Weitere Projekte<\/h2>\n<p>[\/et_pb_text][\/et_pb_column][\/et_pb_row][et_pb_row _builder_version=&#8220;4.17.4&#8243; _module_preset=&#8220;default&#8220; custom_padding=&#8220;0px||||false|false&#8220; locked=&#8220;off&#8220; global_colors_info=&#8220;{}&#8220;][et_pb_column type=&#8220;4_4&#8243; _builder_version=&#8220;4.17.4&#8243; _module_preset=&#8220;default&#8220; global_colors_info=&#8220;{}&#8220;][brbl_post_grid post_type=&#8220;project&#8220; order_by=&#8220;rand&#8220; exclude_posts=&#8220;254490&#8243; post_padding=&#8220;20px|20px|20px|20px|true|true&#8220; content_alignment=&#8220;center&#8220; content_padding=&#8220;0px|0px|0px|0px|true|true&#8220; image_size=&#8220;contain&#8220; title_spacing_top=&#8220;10px&#8220; title_spacing_bottom=&#8220;10px&#8220; excerpt_spacing_top=&#8220;10px&#8220; excerpt_spacing_bottom=&#8220;10px&#8220; show_avatar=&#8220;off&#8220; show_author=&#8220;off&#8220; show_date=&#8220;off&#8220; post_bg_color=&#8220;#FFFFFF&#8220; content_bg_color=&#8220;RGBA(255,255,255,0)&#8220; _builder_version=&#8220;4.24.2&#8243; _module_preset=&#8220;default&#8220; title_level=&#8220;h3&#8243; title_text_color=&#8220;#3E6787&#8243; excerpt_font_size=&#8220;18px&#8220; excerpt_font_size_tablet=&#8220;18px&#8220; excerpt_font_size_phone=&#8220;17px&#8220; excerpt_font_size_last_edited=&#8220;on|phone&#8220; border_radii_post=&#8220;on|5px|5px|5px|5px&#8220; border_width_all_post=&#8220;2px&#8220; border_color_all_post=&#8220;#3E6787&#8243; border_width_all_content=&#8220;0px&#8220; global_colors_info=&#8220;{}&#8220; content_bg_color__hover_enabled=&#8220;off|hover&#8220; content_bg_enable_color__hover=&#8220;on&#8220; post_bg_color__hover_enabled=&#8220;on|hover&#8220; post_bg_color__hover=&#8220;#F5F5F5&#8243; post_bg_enable_color__hover=&#8220;on&#8220;][\/brbl_post_grid][\/et_pb_column][\/et_pb_row][\/et_pb_section]<\/p>\n","protected":false},"excerpt":{"rendered":"<p>New website for the craft business Kraller Transporte.<\/p>","protected":false},"author":1,"featured_media":254493,"comment_status":"closed","ping_status":"closed","template":"","meta":{"_seopress_robots_primary_cat":"","_seopress_titles_title":"Neuentwicklung f\u00fcr Kraller Transporte in Kirchansch\u00f6ring","_seopress_titles_desc":"Neue Website f\u00fcr Kraller Transporte in Kirchansch\u00f6ring: \u2713WordPress \u2713SEO \u2713Erstellung Branddesign \u2713DSGVO ","_seopress_robots_index":"","_et_pb_use_builder":"on","_et_pb_old_content":"<div class=\"et_pb_module et_pb_text et_pb_text_4 et_pb_text_align_left et_pb_bg_layout_light\"><div class=\"et_pb_text_inner\"><p>Die gelb-schwarzen-trikots, die Abteilung Fu\u00dfball des SV Kirchansch\u00f6ring wollte seiner Webseite svk-fussball.de einen neuen und zeitgem\u00e4\u00dfen Look verpassen und somit seinen Besuchern wieder einen Mehrwert bieten. Au\u00dferdem war das Ziel, die Webseite so einfach und elegant wie m\u00f6glich laufend mit Neuigkeiten versorgen zu k\u00f6nnen. Dies wurde mit der sogenannten Social Wall \u2013 mein pers\u00f6nliches Highlight \u2013 umgesetzt. Au\u00dferdem nutzt der Fu\u00dfballverein die Webseite f\u00fcr die Organisation des Vereinsbusses. Daf\u00fcr wurde ein Reservierungskalender implementiert.<\/p><\/div><\/div><div class=\"et_pb_module dsm_icon_list dsm_icon_list_0\"><div class=\"et_pb_module_inner\"><ul class=\"dsm_icon_list_items dsm_icon_list_ltr_direction dsm_icon_list_layout_vertical\"><li class=\"dsm_icon_list_child dsm_icon_list_child_0\"><span class=\"dsm_icon_list_text\">Relaunch der Struktur, des Designs und den Inhalten<\/span><\/li><li class=\"dsm_icon_list_child dsm_icon_list_child_1\"><span class=\"dsm_icon_list_text\">Domainwechsel<\/span><\/li><li class=\"dsm_icon_list_child dsm_icon_list_child_2\"><span class=\"dsm_icon_list_text\">Konzeption & Umsetzung des Screendesigns<\/span><\/li><li class=\"dsm_icon_list_child dsm_icon_list_child_3\"><span class=\"dsm_icon_list_text\">Technische Entwicklung des Relaunch in WordPress<\/span><\/li><li class=\"dsm_icon_list_child dsm_icon_list_child_4\"><span class=\"dsm_icon_list_text\">Einweisung & Dokumentation der wichtigsten Funktionen<\/span><\/li><\/ul><\/div><\/div>","_et_gb_content_width":"","iawp_total_views":20,"footnotes":""},"project_category":[481,482],"project_tag":[],"class_list":["post-254490","project","type-project","status-publish","has-post-thumbnail","hentry","project_category-handwerk","project_category-website"],"_links":{"self":[{"href":"https:\/\/cs-webdesigns.com\/en\/wp-json\/wp\/v2\/project\/254490","targetHints":{"allow":["GET"]}}],"collection":[{"href":"https:\/\/cs-webdesigns.com\/en\/wp-json\/wp\/v2\/project"}],"about":[{"href":"https:\/\/cs-webdesigns.com\/en\/wp-json\/wp\/v2\/types\/project"}],"author":[{"embeddable":true,"href":"https:\/\/cs-webdesigns.com\/en\/wp-json\/wp\/v2\/users\/1"}],"replies":[{"embeddable":true,"href":"https:\/\/cs-webdesigns.com\/en\/wp-json\/wp\/v2\/comments?post=254490"}],"version-history":[{"count":0,"href":"https:\/\/cs-webdesigns.com\/en\/wp-json\/wp\/v2\/project\/254490\/revisions"}],"wp:featuredmedia":[{"embeddable":true,"href":"https:\/\/cs-webdesigns.com\/en\/wp-json\/wp\/v2\/media\/254493"}],"wp:attachment":[{"href":"https:\/\/cs-webdesigns.com\/en\/wp-json\/wp\/v2\/media?parent=254490"}],"wp:term":[{"taxonomy":"project_category","embeddable":true,"href":"https:\/\/cs-webdesigns.com\/en\/wp-json\/wp\/v2\/project_category?post=254490"},{"taxonomy":"project_tag","embeddable":true,"href":"https:\/\/cs-webdesigns.com\/en\/wp-json\/wp\/v2\/project_tag?post=254490"}],"curies":[{"name":"wp","href":"https:\/\/api.w.org\/{rel}","templated":true}]}}